{"id":45,"date":"2024-07-11T13:48:22","date_gmt":"2024-07-11T11:48:22","guid":{"rendered":"http:\/\/meteo974.fr\/?page_id=45"},"modified":"2024-09-03T09:40:59","modified_gmt":"2024-09-03T05:40:59","slug":"blog","status":"publish","type":"page","link":"https:\/\/meteo974.fr\/?page_id=45","title":{"rendered":"Blog"},"content":{"rendered":"\t\t<div data-elementor-type=\"wp-page\" data-elementor-id=\"45\" class=\"elementor elementor-45\">\n\t\t\t\t<div class=\"elementor-element elementor-element-fd49a34 e-flex e-con-boxed e-con e-parent\" data-id=\"fd49a34\" data-element_type=\"container\" data-e-type=\"container\">\n\t\t\t\t\t<div class=\"e-con-inner\">\n\t\t\t\t<div class=\"elementor-element elementor-element-00ada9e elementor-widget elementor-widget-heading\" data-id=\"00ada9e\" data-element_type=\"widget\" data-e-type=\"widget\" data-widget_type=\"heading.default\">\n\t\t\t\t<div class=\"elementor-widget-container\">\n\t\t\t\t\t<h2 class=\"elementor-heading-title elementor-size-default\">Blog et Actus<\/h2>\t\t\t\t<\/div>\n\t\t\t\t<\/div>\n\t\t<div class=\"elementor-element elementor-element-473196c e-con-full e-flex e-con e-child\" data-id=\"473196c\" data-element_type=\"container\" data-e-type=\"container\">\n\t\t<div class=\"elementor-element elementor-element-dcd61cc e-con-full e-flex e-con e-child\" data-id=\"dcd61cc\" data-element_type=\"container\" data-e-type=\"container\">\n\t\t\t\t<div class=\"elementor-element elementor-element-ea03422 elementor-widget elementor-widget-heading\" data-id=\"ea03422\" data-element_type=\"widget\" data-e-type=\"widget\" data-widget_type=\"heading.default\">\n\t\t\t\t<div class=\"elementor-widget-container\">\n\t\t\t\t\t<h5 class=\"elementor-heading-title elementor-size-default\">Consultez notre dernier article<\/h5>\t\t\t\t<\/div>\n\t\t\t\t<\/div>\n\t\t\t\t<div class=\"elementor-element elementor-element-2e37974 elementor-grid-eael-col-1 elementor-grid-tablet-eael-col-2 elementor-grid-mobile-eael-col-1 elementor-widget elementor-widget-eael-post-grid\" data-id=\"2e37974\" data-element_type=\"widget\" data-e-type=\"widget\" data-settings=\"{&quot;eael_post_grid_columns&quot;:&quot;eael-col-1&quot;,&quot;eael_post_grid_columns_tablet&quot;:&quot;eael-col-2&quot;,&quot;eael_post_grid_columns_mobile&quot;:&quot;eael-col-1&quot;}\" data-widget_type=\"eael-post-grid.default\">\n\t\t\t\t<div class=\"elementor-widget-container\">\n\t\t\t\t\t<div id=\"eael-post-grid-2e37974\" class=\"eael-post-grid-container\">\n            <div class=\"eael-post-grid eael-post-appender eael-post-appender-2e37974 eael-post-grid-style-two\" data-layout-mode=\"masonry\"><article class=\"eael-grid-post  eael-post-grid-column eael-pg-post-7616 category-climat-meteo-ocean tags-boucan-canot-ciel-cyclone-depression-gezani-la-reunion-meteo-ocean-indien-pollution-saint-benoit-saint-denis-saint-gilles-les-bains-saint-paul-saint-philippe-sainte-rose-savanne-soleil-tempete-tempete-tropicale-volcan\" data-id=\"7616\">\n    <div class=\"eael-grid-post-holder\">\n        <div class=\"eael-grid-post-holder-inner\"><div class=\"eael-entry-wrapper\"><div class=\"eael-entry-content\">\n                                <div class=\"eael-grid-post-excerpt\"><p>La temp\u00eate tropicale GEZANI circule au nord-ouest des Mascareignes ce lundi. Une bande p\u00e9riph\u00e9rique traverse la R\u00e9union de part en part du sud-est vers le nord-ouest, peu active toutefois. Quelle sera la suite ?<\/p><\/div>\n                            <\/div><\/div><\/div>\n    <\/div>\n<\/article><\/div>\n            <div class=\"clearfix\"><\/div>\n        <\/div>            <div class=\"eael-load-more-button-wrap eael-force-hide\">\n                <button class=\"eael-load-more-button\" id=\"eael-load-more-btn-2e37974\" data-widget-id=\"2e37974\" data-widget=\"2e37974\" data-page-id=\"45\" data-template=\"{&quot;dir&quot;:&quot;lite&quot;,&quot;file_name&quot;:&quot;two.php&quot;,&quot;name&quot;:&quot;Post-Grid&quot;}\" data-class=\"Essential_Addons_Elementor\\Elements\\Post_Grid\" data-layout=\"masonry\" data-page=\"1\" data-args=\"orderby=date&amp;order=desc&amp;ignore_sticky_posts=1&amp;post_status=publish&amp;posts_per_page=1&amp;offset=0&amp;post_type=post&amp;tax_query%5B0%5D%5Btaxonomy%5D=category&amp;tax_query%5B0%5D%5Bfield%5D=term_id&amp;tax_query%5B0%5D%5Bterms%5D%5B0%5D=7&amp;tax_query%5B0%5D%5Bterms%5D%5B1%5D=4&amp;tax_query%5B0%5D%5Bterms%5D%5B2%5D=6&amp;tax_query%5B0%5D%5Bterms%5D%5B3%5D=5&amp;tax_query%5B0%5D%5Bterms%5D%5B4%5D=1&amp;tax_query%5Brelation%5D=AND\" data-max-page=\"29\">\n                    <span class=\"eael-btn-loader button__loader\"><\/span>\n                    <span class=\"eael_load_more_text\">Load More<\/span>\n                <\/button>\n            <\/div>\n            \t\t\t\t<\/div>\n\t\t\t\t<\/div>\n\t\t\t\t<div class=\"elementor-element elementor-element-d7fff51 elementor-view-default elementor-widget elementor-widget-icon\" data-id=\"d7fff51\" data-element_type=\"widget\" data-e-type=\"widget\" data-widget_type=\"icon.default\">\n\t\t\t\t<div class=\"elementor-widget-container\">\n\t\t\t\t\t\t\t<div class=\"elementor-icon-wrapper\">\n\t\t\t<div class=\"elementor-icon\">\n\t\t\t<svg aria-hidden=\"true\" class=\"e-font-icon-svg e-fas-long-arrow-alt-right\" viewBox=\"0 0 448 512\" xmlns=\"http:\/\/www.w3.org\/2000\/svg\"><path d=\"M313.941 216H12c-6.627 0-12 5.373-12 12v56c0 6.627 5.373 12 12 12h301.941v46.059c0 21.382 25.851 32.09 40.971 16.971l86.059-86.059c9.373-9.373 9.373-24.569 0-33.941l-86.059-86.059c-15.119-15.119-40.971-4.411-40.971 16.971V216z\"><\/path><\/svg>\t\t\t<\/div>\n\t\t<\/div>\n\t\t\t\t\t\t<\/div>\n\t\t\t\t<\/div>\n\t\t\t\t<\/div>\n\t\t<div class=\"elementor-element elementor-element-98cc2bb e-con-full e-flex e-con e-child\" data-id=\"98cc2bb\" data-element_type=\"container\" data-e-type=\"container\" data-settings=\"{&quot;background_background&quot;:&quot;classic&quot;}\">\n\t\t\t\t<div class=\"elementor-element elementor-element-ffbc72a elementor-grid-eael-col-1 elementor-grid-tablet-eael-col-2 elementor-grid-mobile-eael-col-1 elementor-widget elementor-widget-eael-post-grid\" data-id=\"ffbc72a\" data-element_type=\"widget\" data-e-type=\"widget\" data-settings=\"{&quot;eael_post_grid_columns&quot;:&quot;eael-col-1&quot;,&quot;eael_post_grid_columns_tablet&quot;:&quot;eael-col-2&quot;,&quot;eael_post_grid_columns_mobile&quot;:&quot;eael-col-1&quot;}\" data-widget_type=\"eael-post-grid.default\">\n\t\t\t\t<div class=\"elementor-widget-container\">\n\t\t\t\t\t<div id=\"eael-post-grid-ffbc72a\" class=\"eael-post-grid-container\">\n            <div class=\"eael-post-grid eael-post-appender eael-post-appender-ffbc72a eael-post-grid-style-two\" data-layout-mode=\"masonry\"><article class=\"eael-grid-post  eael-post-grid-column eael-pg-post-7616 category-climat-meteo-ocean tags-boucan-canot-ciel-cyclone-depression-gezani-la-reunion-meteo-ocean-indien-pollution-saint-benoit-saint-denis-saint-gilles-les-bains-saint-paul-saint-philippe-sainte-rose-savanne-soleil-tempete-tempete-tropicale-volcan\" data-id=\"7616\">\n    <div class=\"eael-grid-post-holder\">\n        <div class=\"eael-grid-post-holder-inner\"><div class=\"eael-entry-media\"><div class=\"eael-entry-overlay slide-up\"><i class=\"fas fa-long-arrow-alt-right\" aria-hidden=\"true\"><\/i><a href=\"https:\/\/meteo974.fr\/?p=7616\"><\/a><\/div><div class=\"eael-entry-thumbnail \">\n                            <img fetchpriority=\"high\" decoding=\"async\" width=\"300\" height=\"187\" src=\"https:\/\/meteo974.fr\/wp-content\/uploads\/2026\/02\/20260209gezani-1-300x187.png\" class=\"attachment-medium size-medium wp-image-7747\" alt=\"\" srcset=\"https:\/\/meteo974.fr\/wp-content\/uploads\/2026\/02\/20260209gezani-1-300x187.png 300w, https:\/\/meteo974.fr\/wp-content\/uploads\/2026\/02\/20260209gezani-1-1024x637.png 1024w, https:\/\/meteo974.fr\/wp-content\/uploads\/2026\/02\/20260209gezani-1-768x478.png 768w, https:\/\/meteo974.fr\/wp-content\/uploads\/2026\/02\/20260209gezani-1-1536x956.png 1536w, https:\/\/meteo974.fr\/wp-content\/uploads\/2026\/02\/20260209gezani-1.png 1630w\" sizes=\"(max-width: 300px) 100vw, 300px\" \/>\n                            <\/div>\n                    <\/div><div class=\"eael-entry-wrapper\"><header class=\"eael-entry-header\"><h5 class=\"eael-entry-title\"><a class=\"eael-grid-post-link\" href=\"https:\/\/meteo974.fr\/?p=7616\" title=\"Temp\u00eate tropicale GEZANI\">Temp\u00eate tropicale GEZANI<\/a><\/h5><\/header><div class=\"eael-entry-header-after style-two\"><div class=\"eael-entry-meta\"><span class=\"eael-posted-on eael-meta-posted-on\"><i class=\"far fa-clock\"><\/i><time datetime=\"8 f\u00e9vrier 2026\">8 f\u00e9vrier 2026<\/time><\/span><\/div><\/div><div class=\"eael-entry-content\">\n                                <div class=\"eael-grid-post-excerpt\"><p>La temp\u00eate tropicale GEZANI circule au nord-ouest des Mascareignes ce lundi. Une bande p\u00e9riph\u00e9rique traverse la R\u00e9union de part en...<\/p><a href=\"https:\/\/meteo974.fr\/?p=7616\" class=\"eael-post-elements-readmore-btn\">Lire la suite<\/a><\/div>\n                            <\/div><\/div><\/div>\n    <\/div>\n<\/article><\/div>\n            <div class=\"clearfix\"><\/div>\n        <\/div>            <div class=\"eael-load-more-button-wrap eael-force-hide\">\n                <button class=\"eael-load-more-button\" id=\"eael-load-more-btn-ffbc72a\" data-widget-id=\"ffbc72a\" data-widget=\"ffbc72a\" data-page-id=\"45\" data-template=\"{&quot;dir&quot;:&quot;lite&quot;,&quot;file_name&quot;:&quot;two.php&quot;,&quot;name&quot;:&quot;Post-Grid&quot;}\" data-class=\"Essential_Addons_Elementor\\Elements\\Post_Grid\" data-layout=\"masonry\" data-page=\"1\" data-args=\"orderby=date&amp;order=desc&amp;ignore_sticky_posts=1&amp;post_status=publish&amp;posts_per_page=1&amp;offset=0&amp;post_type=post&amp;tax_query%5B0%5D%5Btaxonomy%5D=category&amp;tax_query%5B0%5D%5Bfield%5D=term_id&amp;tax_query%5B0%5D%5Bterms%5D%5B0%5D=7&amp;tax_query%5B0%5D%5Bterms%5D%5B1%5D=4&amp;tax_query%5B0%5D%5Bterms%5D%5B2%5D=6&amp;tax_query%5B0%5D%5Bterms%5D%5B3%5D=5&amp;tax_query%5B0%5D%5Bterms%5D%5B4%5D=1&amp;tax_query%5Brelation%5D=AND\" data-max-page=\"29\">\n                    <span class=\"eael-btn-loader button__loader\"><\/span>\n                    <span class=\"eael_load_more_text\">Load More<\/span>\n                <\/button>\n            <\/div>\n            \t\t\t\t<\/div>\n\t\t\t\t<\/div>\n\t\t\t\t<\/div>\n\t\t\t\t<\/div>\n\t\t\t\t\t<\/div>\n\t\t\t\t<\/div>\n\t\t<div class=\"elementor-element elementor-element-a40adc4 e-flex e-con-boxed e-con e-parent\" data-id=\"a40adc4\" data-element_type=\"container\" data-e-type=\"container\" data-settings=\"{&quot;background_background&quot;:&quot;classic&quot;}\">\n\t\t\t\t\t<div class=\"e-con-inner\">\n\t\t<div class=\"elementor-element elementor-element-1303259 e-con-full e-flex e-con e-child\" data-id=\"1303259\" data-element_type=\"container\" data-e-type=\"container\">\n\t\t\t\t<div class=\"elementor-element elementor-element-6c06ee2 elementor-widget elementor-widget-heading\" data-id=\"6c06ee2\" data-element_type=\"widget\" data-e-type=\"widget\" data-widget_type=\"heading.default\">\n\t\t\t\t<div class=\"elementor-widget-container\">\n\t\t\t\t\t<h5 class=\"elementor-heading-title elementor-size-default\">D\u00e9couvrez l'\u00eele de La R\u00e9union sous tout ses angles<\/h5>\t\t\t\t<\/div>\n\t\t\t\t<\/div>\n\t\t\t\t<div class=\"elementor-element elementor-element-ae15cc0 elementor-widget elementor-widget-text-editor\" data-id=\"ae15cc0\" data-element_type=\"widget\" data-e-type=\"widget\" data-widget_type=\"text-editor.default\">\n\t\t\t\t<div class=\"elementor-widget-container\">\n\t\t\t\t\t\t\t\t\t<p>D\u00e9couvrez notre blog pour des pr\u00e9visions d\u00e9taill\u00e9es sur les randonn\u00e9es, l&rsquo;\u00e9tat des sentiers, les alertes climatiques et de houle, ainsi que des informations sur la faune, la flore et l&rsquo;observation du volcan \u00e0 La R\u00e9union. Restez inform\u00e9 des derni\u00e8res mises \u00e0 jour m\u00e9t\u00e9o pour planifier vos activit\u00e9s en toute s\u00e9curit\u00e9. Nos articles vous offrent des conseils pratiques, des alertes en temps r\u00e9el et des recommandations pour profiter pleinement de la beaut\u00e9 naturelle de l&rsquo;\u00eele. Ne manquez pas nos guides et nos conseils pour une exploration optimale de ce paradis tropical.<\/p>\t\t\t\t\t\t\t\t<\/div>\n\t\t\t\t<\/div>\n\t\t\t\t<div class=\"elementor-element elementor-element-9dad7b1 elementor-grid-eael-col-4 elementor-grid-tablet-eael-col-2 elementor-grid-mobile-eael-col-1 elementor-widget elementor-widget-eael-post-grid\" data-id=\"9dad7b1\" data-element_type=\"widget\" data-e-type=\"widget\" data-settings=\"{&quot;eael_post_grid_columns&quot;:&quot;eael-col-4&quot;,&quot;eael_post_grid_columns_tablet&quot;:&quot;eael-col-2&quot;,&quot;eael_post_grid_columns_mobile&quot;:&quot;eael-col-1&quot;}\" data-widget_type=\"eael-post-grid.default\">\n\t\t\t\t<div class=\"elementor-widget-container\">\n\t\t\t\t\t<div id=\"eael-post-grid-9dad7b1\" class=\"eael-post-grid-container\">\n            <div class=\"eael-post-grid eael-post-appender eael-post-appender-9dad7b1 eael-post-grid-style-two\" data-layout-mode=\"masonry\"><article class=\"eael-grid-post  eael-post-grid-column eael-pg-post-7616 category-climat-meteo-ocean tags-boucan-canot-ciel-cyclone-depression-gezani-la-reunion-meteo-ocean-indien-pollution-saint-benoit-saint-denis-saint-gilles-les-bains-saint-paul-saint-philippe-sainte-rose-savanne-soleil-tempete-tempete-tropicale-volcan\" data-id=\"7616\">\n    <div class=\"eael-grid-post-holder\">\n        <div class=\"eael-grid-post-holder-inner\"><div class=\"eael-entry-media\"><div class=\"eael-entry-overlay slide-up\"><i class=\"fas fa-long-arrow-alt-right\" aria-hidden=\"true\"><\/i><a href=\"https:\/\/meteo974.fr\/?p=7616\"><\/a><\/div><div class=\"eael-entry-thumbnail \">\n                            <img fetchpriority=\"high\" decoding=\"async\" width=\"300\" height=\"187\" src=\"https:\/\/meteo974.fr\/wp-content\/uploads\/2026\/02\/20260209gezani-1-300x187.png\" class=\"attachment-medium size-medium wp-image-7747\" alt=\"\" srcset=\"https:\/\/meteo974.fr\/wp-content\/uploads\/2026\/02\/20260209gezani-1-300x187.png 300w, https:\/\/meteo974.fr\/wp-content\/uploads\/2026\/02\/20260209gezani-1-1024x637.png 1024w, https:\/\/meteo974.fr\/wp-content\/uploads\/2026\/02\/20260209gezani-1-768x478.png 768w, https:\/\/meteo974.fr\/wp-content\/uploads\/2026\/02\/20260209gezani-1-1536x956.png 1536w, https:\/\/meteo974.fr\/wp-content\/uploads\/2026\/02\/20260209gezani-1.png 1630w\" sizes=\"(max-width: 300px) 100vw, 300px\" \/>\n                            <\/div>\n                    <\/div><div class=\"eael-entry-wrapper\"><header class=\"eael-entry-header\"><h5 class=\"eael-entry-title\"><a class=\"eael-grid-post-link\" href=\"https:\/\/meteo974.fr\/?p=7616\" title=\"Temp\u00eate tropicale GEZANI\">Temp\u00eate tropicale GEZANI<\/a><\/h5><\/header><div class=\"eael-entry-header-after style-two\"><div class=\"eael-entry-meta\"><span class=\"eael-posted-on eael-meta-posted-on\"><i class=\"far fa-clock\"><\/i><time datetime=\"8 f\u00e9vrier 2026\">8 f\u00e9vrier 2026<\/time><\/span><\/div><\/div><div class=\"eael-entry-content\">\n                                <div class=\"eael-grid-post-excerpt\"><p>La temp\u00eate tropicale GEZANI circule au nord-ouest des Mascareignes ce...<\/p><a href=\"https:\/\/meteo974.fr\/?p=7616\" class=\"eael-post-elements-readmore-btn\">Lire la suite<\/a><\/div>\n                            <\/div><\/div><\/div>\n    <\/div>\n<\/article><article class=\"eael-grid-post  eael-post-grid-column eael-pg-post-7459 category-climat-meteo-ocean tags-boucan-canot-ciel-cyclone-depression-invest-97s-la-reunion-meteo-ocean-indien-pollution-saint-benoit-saint-denis-saint-gilles-les-bains-saint-paul-saint-philippe-sainte-rose-savanne-soleil-tempete-tempete-tropicale-volcan\" data-id=\"7459\">\n    <div class=\"eael-grid-post-holder\">\n        <div class=\"eael-grid-post-holder-inner\"><div class=\"eael-entry-media\"><div class=\"eael-entry-overlay slide-up\"><i class=\"fas fa-long-arrow-alt-right\" aria-hidden=\"true\"><\/i><a href=\"https:\/\/meteo974.fr\/?p=7459\"><\/a><\/div><div class=\"eael-entry-thumbnail \">\n                            <img decoding=\"async\" width=\"300\" height=\"163\" src=\"https:\/\/meteo974.fr\/wp-content\/uploads\/2026\/02\/20160203fytia-1-300x163.png\" class=\"attachment-medium size-medium wp-image-7614\" alt=\"\" srcset=\"https:\/\/meteo974.fr\/wp-content\/uploads\/2026\/02\/20160203fytia-1-300x163.png 300w, https:\/\/meteo974.fr\/wp-content\/uploads\/2026\/02\/20160203fytia-1-1024x556.png 1024w, https:\/\/meteo974.fr\/wp-content\/uploads\/2026\/02\/20160203fytia-1-768x417.png 768w, https:\/\/meteo974.fr\/wp-content\/uploads\/2026\/02\/20160203fytia-1-1536x834.png 1536w, https:\/\/meteo974.fr\/wp-content\/uploads\/2026\/02\/20160203fytia-1.png 1802w\" sizes=\"(max-width: 300px) 100vw, 300px\" \/>\n                            <\/div>\n                    <\/div><div class=\"eael-entry-wrapper\"><header class=\"eael-entry-header\"><h5 class=\"eael-entry-title\"><a class=\"eael-grid-post-link\" href=\"https:\/\/meteo974.fr\/?p=7459\" title=\"Bulletin temp\u00eate tropicale FYTIA\">Bulletin temp\u00eate tropicale FYTIA<\/a><\/h5><\/header><div class=\"eael-entry-header-after style-two\"><div class=\"eael-entry-meta\"><span class=\"eael-posted-on eael-meta-posted-on\"><i class=\"far fa-clock\"><\/i><time datetime=\"3 f\u00e9vrier 2026\">3 f\u00e9vrier 2026<\/time><\/span><\/div><\/div><div class=\"eael-entry-content\">\n                                <div class=\"eael-grid-post-excerpt\"><p>La temp\u00eate tropicale FYTIA s'\u00e9loigne d\u00e9sormais de la R\u00e9union ce...<\/p><a href=\"https:\/\/meteo974.fr\/?p=7459\" class=\"eael-post-elements-readmore-btn\">Lire la suite<\/a><\/div>\n                            <\/div><\/div><\/div>\n    <\/div>\n<\/article><article class=\"eael-grid-post  eael-post-grid-column eael-pg-post-7450 category-climat-meteo-ocean tags-aurelien-bour-bateau-bivouac-canyoning-hebergement-helicoptere-la-reunion-meteo-nature-ocean-indien-parapente-randonnee-roches-noires-com-sejour-sport-sunset-tourisme-trail-ulm\" data-id=\"7450\">\n    <div class=\"eael-grid-post-holder\">\n        <div class=\"eael-grid-post-holder-inner\"><div class=\"eael-entry-media\"><div class=\"eael-entry-overlay slide-up\"><i class=\"fas fa-long-arrow-alt-right\" aria-hidden=\"true\"><\/i><a href=\"https:\/\/meteo974.fr\/?p=7450\"><\/a><\/div><div class=\"eael-entry-thumbnail \">\n                            <img decoding=\"async\" width=\"300\" height=\"149\" src=\"https:\/\/meteo974.fr\/wp-content\/uploads\/2026\/01\/rochesnoires-300x149.png\" class=\"attachment-medium size-medium wp-image-7451\" alt=\"\" srcset=\"https:\/\/meteo974.fr\/wp-content\/uploads\/2026\/01\/rochesnoires-300x149.png 300w, https:\/\/meteo974.fr\/wp-content\/uploads\/2026\/01\/rochesnoires-1024x507.png 1024w, https:\/\/meteo974.fr\/wp-content\/uploads\/2026\/01\/rochesnoires-768x380.png 768w, https:\/\/meteo974.fr\/wp-content\/uploads\/2026\/01\/rochesnoires-1536x761.png 1536w, https:\/\/meteo974.fr\/wp-content\/uploads\/2026\/01\/rochesnoires-2048x1015.png 2048w\" sizes=\"(max-width: 300px) 100vw, 300px\" \/>\n                            <\/div>\n                    <\/div><div class=\"eael-entry-wrapper\"><header class=\"eael-entry-header\"><h5 class=\"eael-entry-title\"><a class=\"eael-grid-post-link\" href=\"https:\/\/meteo974.fr\/?p=7450\" title=\"Tourisme et Nature : la R\u00e9union autrement avec Roches-noires.com\">Tourisme et Nature : la R\u00e9union autrement avec Roches-noires.com<\/a><\/h5><\/header><div class=\"eael-entry-header-after style-two\"><div class=\"eael-entry-meta\"><span class=\"eael-posted-on eael-meta-posted-on\"><i class=\"far fa-clock\"><\/i><time datetime=\"28 janvier 2026\">28 janvier 2026<\/time><\/span><\/div><\/div><div class=\"eael-entry-content\">\n                                <div class=\"eael-grid-post-excerpt\"><p>R\u00e9unionnais, touristes de passage... On croit conna\u00eetre la R\u00e9union, en...<\/p><a href=\"https:\/\/meteo974.fr\/?p=7450\" class=\"eael-post-elements-readmore-btn\">Lire la suite<\/a><\/div>\n                            <\/div><\/div><\/div>\n    <\/div>\n<\/article><article class=\"eael-grid-post  eael-post-grid-column eael-pg-post-7319 category-climat-meteo-ocean tags-chaleur-climat-climatologie-la-reunion-meteo-ocean-indien-quand-venir-secheresse-temperatures\" data-id=\"7319\">\n    <div class=\"eael-grid-post-holder\">\n        <div class=\"eael-grid-post-holder-inner\"><div class=\"eael-entry-media\"><div class=\"eael-entry-overlay slide-up\"><i class=\"fas fa-long-arrow-alt-right\" aria-hidden=\"true\"><\/i><a href=\"https:\/\/meteo974.fr\/?p=7319\"><\/a><\/div><div class=\"eael-entry-thumbnail \">\n                            <img loading=\"lazy\" decoding=\"async\" width=\"300\" height=\"155\" src=\"https:\/\/meteo974.fr\/wp-content\/uploads\/2026\/01\/STGILLES1-300x155.png\" class=\"attachment-medium size-medium wp-image-7320\" alt=\"\" srcset=\"https:\/\/meteo974.fr\/wp-content\/uploads\/2026\/01\/STGILLES1-300x155.png 300w, https:\/\/meteo974.fr\/wp-content\/uploads\/2026\/01\/STGILLES1-1024x530.png 1024w, https:\/\/meteo974.fr\/wp-content\/uploads\/2026\/01\/STGILLES1-768x397.png 768w, https:\/\/meteo974.fr\/wp-content\/uploads\/2026\/01\/STGILLES1.png 1199w\" sizes=\"(max-width: 300px) 100vw, 300px\" \/>\n                            <\/div>\n                    <\/div><div class=\"eael-entry-wrapper\"><header class=\"eael-entry-header\"><h5 class=\"eael-entry-title\"><a class=\"eael-grid-post-link\" href=\"https:\/\/meteo974.fr\/?p=7319\" title=\"Climat de Saint-Gilles-les Bains\">Climat de Saint-Gilles-les Bains<\/a><\/h5><\/header><div class=\"eael-entry-header-after style-two\"><div class=\"eael-entry-meta\"><span class=\"eael-posted-on eael-meta-posted-on\"><i class=\"far fa-clock\"><\/i><time datetime=\"24 janvier 2026\">24 janvier 2026<\/time><\/span><\/div><\/div><div class=\"eael-entry-content\">\n                                <div class=\"eael-grid-post-excerpt\"><p>Pour cette nouvelle rubrique climat \/ climatologie, premier focus sur...<\/p><a href=\"https:\/\/meteo974.fr\/?p=7319\" class=\"eael-post-elements-readmore-btn\">Lire la suite<\/a><\/div>\n                            <\/div><\/div><\/div>\n    <\/div>\n<\/article><\/div>\n            <div class=\"clearfix\"><\/div>\n        <\/div>            <div class=\"eael-load-more-button-wrap\">\n                <button class=\"eael-load-more-button\" id=\"eael-load-more-btn-9dad7b1\" data-widget-id=\"9dad7b1\" data-widget=\"9dad7b1\" data-page-id=\"45\" data-template=\"{&quot;dir&quot;:&quot;lite&quot;,&quot;file_name&quot;:&quot;two.php&quot;,&quot;name&quot;:&quot;Post-Grid&quot;}\" data-class=\"Essential_Addons_Elementor\\Elements\\Post_Grid\" data-layout=\"masonry\" data-page=\"1\" data-args=\"orderby=date&amp;order=desc&amp;ignore_sticky_posts=1&amp;post_status=publish&amp;posts_per_page=4&amp;offset=0&amp;post_type=post&amp;tax_query%5B0%5D%5Btaxonomy%5D=category&amp;tax_query%5B0%5D%5Bfield%5D=term_id&amp;tax_query%5B0%5D%5Bterms%5D%5B0%5D=7&amp;tax_query%5B0%5D%5Bterms%5D%5B1%5D=4&amp;tax_query%5B0%5D%5Bterms%5D%5B2%5D=6&amp;tax_query%5B0%5D%5Bterms%5D%5B3%5D=5&amp;tax_query%5B0%5D%5Bterms%5D%5B4%5D=1&amp;tax_query%5Brelation%5D=AND\" data-max-page=\"8\">\n                    <span class=\"eael-btn-loader button__loader\"><\/span>\n                    <span class=\"eael_load_more_text\">Afficher plus<\/span>\n                <\/button>\n            <\/div>\n            \t\t\t\t<\/div>\n\t\t\t\t<\/div>\n\t\t\t\t<\/div>\n\t\t\t\t\t<\/div>\n\t\t\t\t<\/div>\n\t\t\t\t<\/div>\n\t\t","protected":false},"excerpt":{"rendered":"<p>Blog et Actus Consultez notre dernier article La Plaine des Chicots se situe dans le nord du massif du Piton des Neiges, situ\u00e9 entre 1.800 et 1.900 m\u00e8tres d\u2019altitude. Elle est travers\u00e9e par le GR R2 reliant Saint-Denis \u00e0 Saint-Philippe sur une trajet de 135 km. M\u00eame&#8230; Load More La Plaine des Chicots, \u00ab\u00a0trou \u00e0 [&hellip;]<\/p>\n","protected":false},"author":1,"featured_media":758,"parent":0,"menu_order":0,"comment_status":"closed","ping_status":"closed","template":"","meta":{"site-sidebar-layout":"no-sidebar","site-content-layout":"","ast-site-content-layout":"full-width-container","site-content-style":"default","site-sidebar-style":"default","ast-global-header-display":"","ast-banner-title-visibility":"","ast-main-header-display":"","ast-hfb-above-header-display":"","ast-hfb-below-header-display":"","ast-hfb-mobile-header-display":"","site-post-title":"disabled","ast-breadcrumbs-content":"","ast-featured-img":"disabled","footer-sml-layout":"","theme-transparent-header-meta":"","adv-header-id-meta":"","stick-header-meta":"","header-above-stick-meta":"","header-main-stick-meta":"","header-below-stick-meta":"","astra-migrate-meta-layouts":"default","ast-page-background-enabled":"default","ast-page-background-meta":{"desktop":{"background-color":"var(--ast-global-color-4)","background-image":"","background-repeat":"repeat","background-position":"center center","background-size":"auto","background-attachment":"scroll","background-type":"","background-media":"","overlay-type":"","overlay-color":"","overlay-opacity":"","overlay-gradient":""},"tablet":{"background-color":"","background-image":"","background-repeat":"repeat","background-position":"center center","background-size":"auto","background-attachment":"scroll","background-type":"","background-media":"","overlay-type":"","overlay-color":"","overlay-opacity":"","overlay-gradient":""},"mobile":{"background-color":"","background-image":"","background-repeat":"repeat","background-position":"center center","background-size":"auto","background-attachment":"scroll","background-type":"","background-media":"","overlay-type":"","overlay-color":"","overlay-opacity":"","overlay-gradient":""}},"ast-content-background-meta":{"desktop":{"background-color":"var(--ast-global-color-5)","background-image":"","background-repeat":"repeat","background-position":"center center","background-size":"auto","background-attachment":"scroll","background-type":"","background-media":"","overlay-type":"","overlay-color":"","overlay-opacity":"","overlay-gradient":""},"tablet":{"background-color":"var(--ast-global-color-5)","background-image":"","background-repeat":"repeat","background-position":"center center","background-size":"auto","background-attachment":"scroll","background-type":"","background-media":"","overlay-type":"","overlay-color":"","overlay-opacity":"","overlay-gradient":""},"mobile":{"background-color":"var(--ast-global-color-5)","background-image":"","background-repeat":"repeat","background-position":"center center","background-size":"auto","background-attachment":"scroll","background-type":"","background-media":"","overlay-type":"","overlay-color":"","overlay-opacity":"","overlay-gradient":""}},"footnotes":""},"class_list":["post-45","page","type-page","status-publish","has-post-thumbnail","hentry"],"yoast_head":"<!-- This site is optimized with the Yoast SEO plugin v27.5 - https:\/\/yoast.com\/product\/yoast-seo-wordpress\/ -->\n<title>Blog - M\u00e9t\u00e9o974<\/title>\n<meta name=\"description\" content=\"D\u00e9couvrez la R\u00e9union autrement \u00e0 travers nos articles de blog. Biodiversit\u00e9, Nature, Randos, Ph\u00e9nom\u00e8ne m\u00e9t\u00e9orologique, Oc\u00e9an...\" \/>\n<meta name=\"robots\" content=\"index, follow, max-snippet:-1, max-image-preview:large, max-video-preview:-1\" \/>\n<link rel=\"canonical\" href=\"https:\/\/meteo974.fr\/?page_id=45\" \/>\n<meta property=\"og:locale\" content=\"fr_FR\" \/>\n<meta property=\"og:type\" content=\"article\" \/>\n<meta property=\"og:title\" content=\"Blog - M\u00e9t\u00e9o974\" \/>\n<meta property=\"og:description\" content=\"D\u00e9couvrez la R\u00e9union autrement \u00e0 travers nos articles de blog. Biodiversit\u00e9, Nature, Randos, Ph\u00e9nom\u00e8ne m\u00e9t\u00e9orologique, Oc\u00e9an...\" \/>\n<meta property=\"og:url\" content=\"https:\/\/meteo974.fr\/?page_id=45\" \/>\n<meta property=\"og:site_name\" content=\"M\u00e9t\u00e9o974\" \/>\n<meta property=\"article:modified_time\" content=\"2024-09-03T05:40:59+00:00\" \/>\n<meta property=\"og:image\" content=\"https:\/\/meteo974.fr\/wp-content\/uploads\/2024\/08\/LESMAKES1.jpeg\" \/>\n\t<meta property=\"og:image:width\" content=\"1280\" \/>\n\t<meta property=\"og:image:height\" content=\"720\" \/>\n\t<meta property=\"og:image:type\" content=\"image\/jpeg\" \/>\n<meta name=\"twitter:card\" content=\"summary_large_image\" \/>\n<meta name=\"twitter:label1\" content=\"Dur\u00e9e de lecture estim\u00e9e\" \/>\n\t<meta name=\"twitter:data1\" content=\"3 minutes\" \/>\n<script type=\"application\/ld+json\" class=\"yoast-schema-graph\">{\"@context\":\"https:\\\/\\\/schema.org\",\"@graph\":[{\"@type\":\"WebPage\",\"@id\":\"https:\\\/\\\/meteo974.fr\\\/?page_id=45\",\"url\":\"https:\\\/\\\/meteo974.fr\\\/?page_id=45\",\"name\":\"Blog - M\u00e9t\u00e9o974\",\"isPartOf\":{\"@id\":\"http:\\\/\\\/meteo974.fr\\\/#website\"},\"primaryImageOfPage\":{\"@id\":\"https:\\\/\\\/meteo974.fr\\\/?page_id=45#primaryimage\"},\"image\":{\"@id\":\"https:\\\/\\\/meteo974.fr\\\/?page_id=45#primaryimage\"},\"thumbnailUrl\":\"https:\\\/\\\/meteo974.fr\\\/wp-content\\\/uploads\\\/2024\\\/08\\\/LESMAKES1.jpeg\",\"datePublished\":\"2024-07-11T11:48:22+00:00\",\"dateModified\":\"2024-09-03T05:40:59+00:00\",\"description\":\"D\u00e9couvrez la R\u00e9union autrement \u00e0 travers nos articles de blog. Biodiversit\u00e9, Nature, Randos, Ph\u00e9nom\u00e8ne m\u00e9t\u00e9orologique, Oc\u00e9an...\",\"breadcrumb\":{\"@id\":\"https:\\\/\\\/meteo974.fr\\\/?page_id=45#breadcrumb\"},\"inLanguage\":\"fr-FR\",\"potentialAction\":[{\"@type\":\"ReadAction\",\"target\":[\"https:\\\/\\\/meteo974.fr\\\/?page_id=45\"]}]},{\"@type\":\"ImageObject\",\"inLanguage\":\"fr-FR\",\"@id\":\"https:\\\/\\\/meteo974.fr\\\/?page_id=45#primaryimage\",\"url\":\"https:\\\/\\\/meteo974.fr\\\/wp-content\\\/uploads\\\/2024\\\/08\\\/LESMAKES1.jpeg\",\"contentUrl\":\"https:\\\/\\\/meteo974.fr\\\/wp-content\\\/uploads\\\/2024\\\/08\\\/LESMAKES1.jpeg\",\"width\":1280,\"height\":720},{\"@type\":\"BreadcrumbList\",\"@id\":\"https:\\\/\\\/meteo974.fr\\\/?page_id=45#breadcrumb\",\"itemListElement\":[{\"@type\":\"ListItem\",\"position\":1,\"name\":\"Accueil\",\"item\":\"http:\\\/\\\/meteo974.fr\\\/\"},{\"@type\":\"ListItem\",\"position\":2,\"name\":\"Blog\"}]},{\"@type\":\"WebSite\",\"@id\":\"http:\\\/\\\/meteo974.fr\\\/#website\",\"url\":\"http:\\\/\\\/meteo974.fr\\\/\",\"name\":\"M\u00e9t\u00e9o974\",\"description\":\"Pr\u00e9voir, prot\u00e9ger, pr\u00e9server\",\"publisher\":{\"@id\":\"http:\\\/\\\/meteo974.fr\\\/#organization\"},\"potentialAction\":[{\"@type\":\"SearchAction\",\"target\":{\"@type\":\"EntryPoint\",\"urlTemplate\":\"http:\\\/\\\/meteo974.fr\\\/?s={search_term_string}\"},\"query-input\":{\"@type\":\"PropertyValueSpecification\",\"valueRequired\":true,\"valueName\":\"search_term_string\"}}],\"inLanguage\":\"fr-FR\"},{\"@type\":\"Organization\",\"@id\":\"http:\\\/\\\/meteo974.fr\\\/#organization\",\"name\":\"M\u00e9t\u00e9o974\",\"url\":\"http:\\\/\\\/meteo974.fr\\\/\",\"logo\":{\"@type\":\"ImageObject\",\"inLanguage\":\"fr-FR\",\"@id\":\"http:\\\/\\\/meteo974.fr\\\/#\\\/schema\\\/logo\\\/image\\\/\",\"url\":\"https:\\\/\\\/meteo974.fr\\\/wp-content\\\/uploads\\\/2024\\\/08\\\/logo-Horizontal-blanc-scaled.png\",\"contentUrl\":\"https:\\\/\\\/meteo974.fr\\\/wp-content\\\/uploads\\\/2024\\\/08\\\/logo-Horizontal-blanc-scaled.png\",\"width\":2560,\"height\":1172,\"caption\":\"M\u00e9t\u00e9o974\"},\"image\":{\"@id\":\"http:\\\/\\\/meteo974.fr\\\/#\\\/schema\\\/logo\\\/image\\\/\"}}]}<\/script>\n<!-- \/ Yoast SEO plugin. -->","yoast_head_json":{"title":"Blog - M\u00e9t\u00e9o974","description":"D\u00e9couvrez la R\u00e9union autrement \u00e0 travers nos articles de blog. Biodiversit\u00e9, Nature, Randos, Ph\u00e9nom\u00e8ne m\u00e9t\u00e9orologique, Oc\u00e9an...","robots":{"index":"index","follow":"follow","max-snippet":"max-snippet:-1","max-image-preview":"max-image-preview:large","max-video-preview":"max-video-preview:-1"},"canonical":"https:\/\/meteo974.fr\/?page_id=45","og_locale":"fr_FR","og_type":"article","og_title":"Blog - M\u00e9t\u00e9o974","og_description":"D\u00e9couvrez la R\u00e9union autrement \u00e0 travers nos articles de blog. Biodiversit\u00e9, Nature, Randos, Ph\u00e9nom\u00e8ne m\u00e9t\u00e9orologique, Oc\u00e9an...","og_url":"https:\/\/meteo974.fr\/?page_id=45","og_site_name":"M\u00e9t\u00e9o974","article_modified_time":"2024-09-03T05:40:59+00:00","og_image":[{"width":1280,"height":720,"url":"https:\/\/meteo974.fr\/wp-content\/uploads\/2024\/08\/LESMAKES1.jpeg","type":"image\/jpeg"}],"twitter_card":"summary_large_image","twitter_misc":{"Dur\u00e9e de lecture estim\u00e9e":"3 minutes"},"schema":{"@context":"https:\/\/schema.org","@graph":[{"@type":"WebPage","@id":"https:\/\/meteo974.fr\/?page_id=45","url":"https:\/\/meteo974.fr\/?page_id=45","name":"Blog - M\u00e9t\u00e9o974","isPartOf":{"@id":"http:\/\/meteo974.fr\/#website"},"primaryImageOfPage":{"@id":"https:\/\/meteo974.fr\/?page_id=45#primaryimage"},"image":{"@id":"https:\/\/meteo974.fr\/?page_id=45#primaryimage"},"thumbnailUrl":"https:\/\/meteo974.fr\/wp-content\/uploads\/2024\/08\/LESMAKES1.jpeg","datePublished":"2024-07-11T11:48:22+00:00","dateModified":"2024-09-03T05:40:59+00:00","description":"D\u00e9couvrez la R\u00e9union autrement \u00e0 travers nos articles de blog. Biodiversit\u00e9, Nature, Randos, Ph\u00e9nom\u00e8ne m\u00e9t\u00e9orologique, Oc\u00e9an...","breadcrumb":{"@id":"https:\/\/meteo974.fr\/?page_id=45#breadcrumb"},"inLanguage":"fr-FR","potentialAction":[{"@type":"ReadAction","target":["https:\/\/meteo974.fr\/?page_id=45"]}]},{"@type":"ImageObject","inLanguage":"fr-FR","@id":"https:\/\/meteo974.fr\/?page_id=45#primaryimage","url":"https:\/\/meteo974.fr\/wp-content\/uploads\/2024\/08\/LESMAKES1.jpeg","contentUrl":"https:\/\/meteo974.fr\/wp-content\/uploads\/2024\/08\/LESMAKES1.jpeg","width":1280,"height":720},{"@type":"BreadcrumbList","@id":"https:\/\/meteo974.fr\/?page_id=45#breadcrumb","itemListElement":[{"@type":"ListItem","position":1,"name":"Accueil","item":"http:\/\/meteo974.fr\/"},{"@type":"ListItem","position":2,"name":"Blog"}]},{"@type":"WebSite","@id":"http:\/\/meteo974.fr\/#website","url":"http:\/\/meteo974.fr\/","name":"M\u00e9t\u00e9o974","description":"Pr\u00e9voir, prot\u00e9ger, pr\u00e9server","publisher":{"@id":"http:\/\/meteo974.fr\/#organization"},"potentialAction":[{"@type":"SearchAction","target":{"@type":"EntryPoint","urlTemplate":"http:\/\/meteo974.fr\/?s={search_term_string}"},"query-input":{"@type":"PropertyValueSpecification","valueRequired":true,"valueName":"search_term_string"}}],"inLanguage":"fr-FR"},{"@type":"Organization","@id":"http:\/\/meteo974.fr\/#organization","name":"M\u00e9t\u00e9o974","url":"http:\/\/meteo974.fr\/","logo":{"@type":"ImageObject","inLanguage":"fr-FR","@id":"http:\/\/meteo974.fr\/#\/schema\/logo\/image\/","url":"https:\/\/meteo974.fr\/wp-content\/uploads\/2024\/08\/logo-Horizontal-blanc-scaled.png","contentUrl":"https:\/\/meteo974.fr\/wp-content\/uploads\/2024\/08\/logo-Horizontal-blanc-scaled.png","width":2560,"height":1172,"caption":"M\u00e9t\u00e9o974"},"image":{"@id":"http:\/\/meteo974.fr\/#\/schema\/logo\/image\/"}}]}},"_links":{"self":[{"href":"https:\/\/meteo974.fr\/index.php?rest_route=\/wp\/v2\/pages\/45","targetHints":{"allow":["GET"]}}],"collection":[{"href":"https:\/\/meteo974.fr\/index.php?rest_route=\/wp\/v2\/pages"}],"about":[{"href":"https:\/\/meteo974.fr\/index.php?rest_route=\/wp\/v2\/types\/page"}],"author":[{"embeddable":true,"href":"https:\/\/meteo974.fr\/index.php?rest_route=\/wp\/v2\/users\/1"}],"replies":[{"embeddable":true,"href":"https:\/\/meteo974.fr\/index.php?rest_route=%2Fwp%2Fv2%2Fcomments&post=45"}],"version-history":[{"count":67,"href":"https:\/\/meteo974.fr\/index.php?rest_route=\/wp\/v2\/pages\/45\/revisions"}],"predecessor-version":[{"id":1118,"href":"https:\/\/meteo974.fr\/index.php?rest_route=\/wp\/v2\/pages\/45\/revisions\/1118"}],"wp:featuredmedia":[{"embeddable":true,"href":"https:\/\/meteo974.fr\/index.php?rest_route=\/wp\/v2\/media\/758"}],"wp:attachment":[{"href":"https:\/\/meteo974.fr\/index.php?rest_route=%2Fwp%2Fv2%2Fmedia&parent=45"}],"curies":[{"name":"wp","href":"https:\/\/api.w.org\/{rel}","templated":true}]}}